{"id":8,"date":"2015-06-24T12:51:32","date_gmt":"2015-06-24T12:51:32","guid":{"rendered":"http:\/\/www.regulationmaster.com\/mbu\/?page_id=8"},"modified":"2024-04-21T18:12:14","modified_gmt":"2024-04-21T18:12:14","slug":"unser-repertoire","status":"publish","type":"page","link":"https:\/\/www.knowg.com\/mbu\/unser-repertoire\/","title":{"rendered":"Unser Repertoire"},"content":{"rendered":"<p><strong>Kinderst\u00fccke<\/strong><\/p>\n<ul>\n<li><a href=\"https:\/\/www.knowg.com\/mbu\/kalif-storch\/\">Kalif Storch<\/a><\/li>\n<li><a href=\"https:\/\/www.knowg.com\/mbu\/circolino\/\">Circolino<\/a><\/li>\n<li><a href=\"https:\/\/www.knowg.com\/mbu\/ebenholzross\/\">&#8217;s Ebeholzross<\/a><\/li>\n<li><a href=\"https:\/\/www.knowg.com\/mbu\/dru-sauli\/\">Die dr\u00fc S\u00e4uli und de Wolf<\/a><\/li>\n<li><a href=\"https:\/\/www.knowg.com\/mbu\/zauberer-vo-metepec\/\">De Zauberer vo Metepec<\/a><\/li>\n<li><a href=\"https:\/\/www.knowg.com\/mbu\/peter-und-der-wolf\/\">Peter und der Wolf<\/a><\/li>\n<li><a href=\"https:\/\/www.knowg.com\/mbu\/sunne-mond-und-windkonig\/\">Vom Sunne-, Mond- und Windk\u00f6nig<\/a><\/li>\n<li><a href=\"https:\/\/www.knowg.com\/mbu\/der-kleine-konig\/\">Der kleine K\u00f6nig<\/a><\/li>\n<li><a href=\"https:\/\/www.knowg.com\/mbu\/dornrosli\/\">Dornr\u00f6sli<\/a><\/li>\n<\/ul>\n<p><strong>St\u00fccke f\u00fcr Jugendliche und Erwachsene<\/strong><\/p>\n<ul>\n<li><a href=\"https:\/\/www.knowg.com\/mbu\/nicolette\/\">Aucassin und Nicolette<\/a><\/li>\n<li><a href=\"https:\/\/www.knowg.com\/mbu\/kreidekreis\/\">Der Kreidekreis<\/a><\/li>\n<li><a href=\"https:\/\/www.knowg.com\/mbu\/konig-hirsch\/\">K\u00f6nig Hirsch<\/a><\/li>\n<li><a href=\"https:\/\/www.knowg.com\/mbu\/galathee\/\">Die sch\u00f6ne Galath\u00e9e<\/a><\/li>\n<li><a href=\"https:\/\/www.knowg.com\/mbu\/barbier-von-sevilla\/\">Der Barbier von Sevilla<\/a><\/li>\n<\/ul>\n","protected":false},"excerpt":{"rendered":"<p>Kinderst\u00fccke Kalif Storch Circolino &#8217;s Ebeholzross Die dr\u00fc S\u00e4uli und de Wolf De Zauberer vo Metepec Peter und der Wolf Vom Sunne-, Mond- und Windk\u00f6nig Der kleine K\u00f6nig Dornr\u00f6sli St\u00fccke f\u00fcr Jugendliche und Erwachsene Aucassin und Nicolette Der Kreidekreis K\u00f6nig Hirsch Die sch\u00f6ne Galath\u00e9e Der Barbier von Sevilla<\/p>\n","protected":false},"author":1,"featured_media":0,"parent":0,"menu_order":0,"comment_status":"closed","ping_status":"open","template":"","meta":{"footnotes":""},"class_list":["post-8","page","type-page","status-publish","hentry"],"_links":{"self":[{"href":"https:\/\/www.knowg.com\/mbu\/wp-json\/wp\/v2\/pages\/8","targetHints":{"allow":["GET"]}}],"collection":[{"href":"https:\/\/www.knowg.com\/mbu\/wp-json\/wp\/v2\/pages"}],"about":[{"href":"https:\/\/www.knowg.com\/mbu\/wp-json\/wp\/v2\/types\/page"}],"author":[{"embeddable":true,"href":"https:\/\/www.knowg.com\/mbu\/wp-json\/wp\/v2\/users\/1"}],"replies":[{"embeddable":true,"href":"https:\/\/www.knowg.com\/mbu\/wp-json\/wp\/v2\/comments?post=8"}],"version-history":[{"count":33,"href":"https:\/\/www.knowg.com\/mbu\/wp-json\/wp\/v2\/pages\/8\/revisions"}],"predecessor-version":[{"id":858,"href":"https:\/\/www.knowg.com\/mbu\/wp-json\/wp\/v2\/pages\/8\/revisions\/858"}],"wp:attachment":[{"href":"https:\/\/www.knowg.com\/mbu\/wp-json\/wp\/v2\/media?parent=8"}],"curies":[{"name":"wp","href":"https:\/\/api.w.org\/{rel}","templated":true}]}}